{"id":165,"date":"2012-05-17T18:13:59","date_gmt":"2012-05-17T16:13:59","guid":{"rendered":"http:\/\/www.fisheco.se\/blogg\/redaktion\/?page_id=165"},"modified":"2012-05-17T18:13:59","modified_gmt":"2012-05-17T16:13:59","slug":"jonathan-jansson","status":"publish","type":"page","link":"https:\/\/blogg.fisheco.se\/redaktion\/om-redaktionen\/jonathan-jansson\/","title":{"rendered":"Jonathan Jansson"},"content":{"rendered":"<p><a href=\"http:\/\/www.fisheco.se\/blogg\/redaktion\/om-redaktionen\/jonathan-jansson\/jonat\/\" rel=\"attachment wp-att-166 noopener\" target=\"_blank\"><img loading=\"lazy\" decoding=\"async\" class=\"alignnone size-medium wp-image-166\" src=\"http:\/\/www.fisheco.se\/blogg\/redaktion\/files\/2012\/05\/jonat-584x688.jpg\" alt=\"\" width=\"584\" height=\"688\" \/><\/a><br \/>\nJonathan Jansson, en skicklig trollare som pluggar fiske och gillar att skriva. Kan det bli b\u00e4ttre f\u00f6r +FishEco? Nej, tror inte det, h\u00e4r kommer en presentation. &#8211;\u00a0Jag heter Jonathan Jansson, kommer fr\u00e5n Uppsala men spenderar vardagarna i Forshaga d\u00e4r jag studerar p\u00e5 Sportfiskeakademin.<\/p>\n<p>Mycket av min uppv\u00e4xt\u00a0spenderades ute p\u00e5 norra M\u00e4larens fj\u00e4rdar d\u00e4r kex och pappas dragl\u00e5da studerades ing\u00e5ende fr\u00e5n b\u00e5tdurken. Att trolla g\u00f6s och g\u00e4dda var den stora fascinationen fram till tio \u00e5rs \u00e5lder d\u00e5 flugsp\u00f6t fick mig att falla f\u00f6r regnb\u00e5gens silver. Men d\u00e5 t\u00e5lamodet inte r\u00e4ckte till att f\u00f6rfina kasttekniken blev det att sl\u00e4pa efter b\u00e5ten \u00e4ven h\u00e4r.<\/p>\n<p>Regnb\u00e5garna v\u00e4xte\u00a0aldrig ikapp med dr\u00f6mmarna s\u00e5 n\u00e4r farsan b\u00f6rjade trolla lax l\u00e4mnades de sm\u00e5 sj\u00f6arna f\u00f6r att f\u00f6lja med p\u00e5 st\u00f6rre \u00e4ventyr. Under skoltiden i Forshaga hoppas jag kunna bredda mitt fiskekunnande f\u00f6r att efter utbildningen givetvis jobba inom branschen. Trollingfisket \u00e4r det jag brinner f\u00f6r men har nyligen \u00e4ven blivit besatt av vertikalfisket. Hoppas \u00e4ven denna vinter sn\u00f6a in p\u00e5 ismete. F\u00f6rutom sj\u00e4lva fisket ligger intresset \u00e4ven mycket hos situationen f\u00f6r laxen i \u00d6stersj\u00f6n, V\u00e4nern och V\u00e4ttern.<\/p>\n","protected":false},"excerpt":{"rendered":"<p>Jonathan Jansson, en skicklig trollare som pluggar fiske och gillar att skriva. Kan det bli b\u00e4ttre f\u00f6r +FishEco? Nej, tror inte det, h\u00e4r kommer en presentation. &#8211;\u00a0Jag heter Jonathan Jansson, kommer fr\u00e5n Uppsala men spenderar vardagarna i Forshaga d\u00e4r jag &hellip; <a href=\"https:\/\/blogg.fisheco.se\/redaktion\/om-redaktionen\/jonathan-jansson\/\">Forts\u00e4tt l\u00e4sa <span class=\"meta-nav\">&rarr;<\/span><\/a><\/p>\n","protected":false},"author":2,"featured_media":0,"parent":3041,"menu_order":0,"comment_status":"open","ping_status":"closed","template":"","meta":{"footnotes":""},"class_list":["post-165","page","type-page","status-publish","hentry"],"_links":{"self":[{"href":"https:\/\/blogg.fisheco.se\/redaktion\/wp-json\/wp\/v2\/pages\/165","targetHints":{"allow":["GET"]}}],"collection":[{"href":"https:\/\/blogg.fisheco.se\/redaktion\/wp-json\/wp\/v2\/pages"}],"about":[{"href":"https:\/\/blogg.fisheco.se\/redaktion\/wp-json\/wp\/v2\/types\/page"}],"author":[{"embeddable":true,"href":"https:\/\/blogg.fisheco.se\/redaktion\/wp-json\/wp\/v2\/users\/2"}],"replies":[{"embeddable":true,"href":"https:\/\/blogg.fisheco.se\/redaktion\/wp-json\/wp\/v2\/comments?post=165"}],"version-history":[{"count":0,"href":"https:\/\/blogg.fisheco.se\/redaktion\/wp-json\/wp\/v2\/pages\/165\/revisions"}],"up":[{"embeddable":true,"href":"https:\/\/blogg.fisheco.se\/redaktion\/wp-json\/wp\/v2\/pages\/3041"}],"wp:attachment":[{"href":"https:\/\/blogg.fisheco.se\/redaktion\/wp-json\/wp\/v2\/media?parent=165"}],"curies":[{"name":"wp","href":"https:\/\/api.w.org\/{rel}","templated":true}]}}